{"id":51,"date":"2017-07-31T18:56:03","date_gmt":"2017-07-31T18:56:03","guid":{"rendered":"http:\/\/kvklingenmuenster.de\/?page_id=51"},"modified":"2026-02-16T10:00:12","modified_gmt":"2026-02-16T08:00:12","slug":"aktuelles","status":"publish","type":"page","link":"https:\/\/kvklingenmuenster.de\/?page_id=51","title":{"rendered":"Aktuelles 2025\/2026"},"content":{"rendered":"\n<p><\/p>\n\n\n\n<p>Ladys &amp; Gentlemen, wir pr\u00e4sentieren: <strong>Unser neues Kinderprinzenpaar 2026: Prinz Phil I. und Prinzessin Ida I. <\/strong><br><br>Danke an alle die da waren! Es war uns wieder einmal ein Fest! <br>#minschderhelau<\/p>\n\n\n\n<figure class=\"wp-block-image size-large\"><img loading=\"lazy\" decoding=\"async\" width=\"683\" height=\"1024\" src=\"https:\/\/kvklingenmuenster.de\/wp-content\/uploads\/2026\/02\/DSC06613-3-683x1024.jpg\" alt=\"\" class=\"wp-image-806\" srcset=\"https:\/\/kvklingenmuenster.de\/wp-content\/uploads\/2026\/02\/DSC06613-3-683x1024.jpg 683w, https:\/\/kvklingenmuenster.de\/wp-content\/uploads\/2026\/02\/DSC06613-3-267x400.jpg 267w, https:\/\/kvklingenmuenster.de\/wp-content\/uploads\/2026\/02\/DSC06613-3-2000x3000.jpg 2000w, https:\/\/kvklingenmuenster.de\/wp-content\/uploads\/2026\/02\/DSC06613-3-scaled.jpg 1707w\" sizes=\"auto, (max-width: 683px) 100vw, 683px\" \/><\/figure>\n\n\n\n<p><br>Heute z\u00fcnden wir wieder mal eine Rakete \u2013 dieses mal randvoll gef\u00fcllt mit ganz viel Stolz!! &#x1f680;<br>Denn es gibt einen ganz besonderen Grund zum Feiern und Jubeln:<br><strong>Unsere Prinzessin Bernadette hat heute ihren Goldenen L\u00f6wen erhalten! <\/strong>&#x1f981;<\/p>\n\n\n\n<p>Jahrelanger Einsatz, unglaubliches Engagement, Herzblut pur und ganz viel Leidenschaft f\u00fcr unseren KVK \u2013 einfach toll! Daf\u00fcr sagen wir dir von Herzen: DANKE &#x1f490;<\/p>\n\n\n\n<p>Liebe Prinzessin, wir freuen uns auf eine unvergessliche Kampagne und sind unglaublich stolz, dich in unserem Verein zu haben!&nbsp;<\/p>\n\n\n\n<p>Auf dich! &#x2665;&#xfe0f;<\/p>\n\n\n\n<figure class=\"wp-block-image size-large\"><img loading=\"lazy\" decoding=\"async\" width=\"1024\" height=\"683\" src=\"https:\/\/kvklingenmuenster.de\/wp-content\/uploads\/2026\/01\/DSC02510-1024x683.jpg\" alt=\"\" class=\"wp-image-787\" srcset=\"https:\/\/kvklingenmuenster.de\/wp-content\/uploads\/2026\/01\/DSC02510-1024x683.jpg 1024w, https:\/\/kvklingenmuenster.de\/wp-content\/uploads\/2026\/01\/DSC02510-400x267.jpg 400w, https:\/\/kvklingenmuenster.de\/wp-content\/uploads\/2026\/01\/DSC02510-2000x1333.jpg 2000w\" sizes=\"auto, (max-width: 1024px) 100vw, 1024px\" \/><\/figure>\n\n\n\n<p><\/p>\n\n\n\n<p><\/p>\n\n\n\n<p><\/p>\n\n\n\n<p>Das Warten hat ein Ende!<\/p>\n\n\n\n<p><strong>Der KVK pr\u00e4sentiert voller Stolz:<\/strong><\/p>\n\n\n\n<p><strong>Bernadette I. &amp; Kathrin I. \u2013 unser Prinzessinnenpaar 2025!<\/strong><\/p>\n\n\n\n<p>Unter dem Motto:<\/p>\n\n\n\n<p><strong>\u201eVielfalt im Herzen, Schlager im Ohr \u2013 Apr\u00e8s-Ski-Party, wir machen&#8217;s vor!\u201c<\/strong> <img loading=\"lazy\" decoding=\"async\" height=\"16\" width=\"16\" src=\"https:\/\/static.xx.fbcdn.net\/images\/emoji.php\/v9\/t2b\/2\/16\/1f389.png\" alt=\"&#x1f389;\"><img loading=\"lazy\" decoding=\"async\" height=\"16\" width=\"16\" src=\"https:\/\/static.xx.fbcdn.net\/images\/emoji.php\/v9\/ted\/2\/16\/2764.png\" alt=\"&#x2764;&#xfe0f;\"><\/p>\n\n\n\n<p>Wir starten damit in eine Kampagne, die eines ganz sicher wird: Bunt, laut und voller Liebe f\u00fcrs Leben!<\/p>\n\n\n\n<p>Also: Ski raussuchen, Kronen richten und Stimmb\u00e4nder frei machen \u2013<\/p>\n\n\n\n<p>die f\u00fcnfte Jahreszeit hat ein neues Dreamteam! <img loading=\"lazy\" decoding=\"async\" height=\"16\" width=\"16\" alt=\"&#x1f973;\" src=\"https:\/\/static.xx.fbcdn.net\/images\/emoji.php\/v9\/tc\/2\/16\/1f973.png\"><\/p>\n\n\n\n<p>Auf euch ein dreifach donnerndes:<\/p>\n\n\n\n<p>Minschder \u2013 Helau! Minschder \u2013 Helau! Minschder \u2013 Helau!<\/p>\n\n\n\n<figure class=\"wp-block-image size-large\"><img loading=\"lazy\" decoding=\"async\" width=\"819\" height=\"1024\" src=\"https:\/\/kvklingenmuenster.de\/wp-content\/uploads\/2025\/11\/581624314_1162323536027392_3185386655651258986_n-3-819x1024.jpg\" alt=\"\" class=\"wp-image-767\" srcset=\"https:\/\/kvklingenmuenster.de\/wp-content\/uploads\/2025\/11\/581624314_1162323536027392_3185386655651258986_n-3-819x1024.jpg 819w, https:\/\/kvklingenmuenster.de\/wp-content\/uploads\/2025\/11\/581624314_1162323536027392_3185386655651258986_n-3-320x400.jpg 320w, https:\/\/kvklingenmuenster.de\/wp-content\/uploads\/2025\/11\/581624314_1162323536027392_3185386655651258986_n-3.jpg 1080w\" sizes=\"auto, (max-width: 819px) 100vw, 819px\" \/><\/figure>\n\n\n\n<p><\/p>\n\n\n\n<p><strong>KICK\u2019N BEATS 2025 \u2013 Das erste seiner Art! <\/strong>&#x1f525;<\/p>\n\n\n\n<p>&#x26bd; Hallenfussball. Menschenkicker XXL.&nbsp;<br>&#x1f3b6; Live-DJ die ganze Spielzeit &amp; Afterparty.<br>&#x1faa9; Fu\u00dfball trifft Disco \u2013 so hast du das noch NIE erlebt!<\/p>\n\n\n\n<p>&#x1f449; Facts:<\/p>\n\n\n\n<p>\u2022 Hallen\u00f6ffnung: 17:00 Uhr<\/p>\n\n\n\n<p>\u2022 Kick Off: 18:00 Uhr<\/p>\n\n\n\n<p>\u2022 Eintritt: frei f\u00fcr alle Zuschauer (U18 nur mit Muttizettel &amp; vollj\u00e4hriger Begleitperson) &#x1f64c;<\/p>\n\n\n\n<p>\u2022 Teilnahmegeb\u00fchr: 35 \u20ac pro Team<\/p>\n\n\n\n<p>\u2022 Gespielt wird: 2x 5 Minuten Vollgas (kurze Tanz,-Seitenwechselpause)<\/p>\n\n\n\n<p>\u2022 Disco l\u00e4uft die komplette Spielzeit &amp; dar\u00fcber hinaus, gekickt wird im Discomodus &#x2728;<\/p>\n\n\n\n<p>&#x26a0;&#xfe0f; Wichtig: Nur 8 Teams k\u00f6nnen teilnehmen \u2013 schnell sein lohnt sich also!!!<\/p>\n\n\n\n<p>&#x1f4e9; Anmeldung:<\/p>\n\n\n\n<p>Mail: kv-klingenmuenster@web.de<\/p>\n\n\n\n<p>Oder direkt hier \u00fcber Instagram \u2013 ihr bekommt dann den Anmeldezettel zugesandt.<\/p>\n\n\n\n<p>&#x1f389; Feiert mit uns \u2013 auch wenn ihr nicht mitspielt!<br>Kommt vorbei, feuert an, trinkt was, tanzt und macht die Halle voll! &#x1f525;<\/p>\n\n\n\n<p>Euer KVK &#x2665;&#xfe0f;<\/p>\n\n\n\n<figure class=\"wp-block-image size-large\"><img loading=\"lazy\" decoding=\"async\" width=\"819\" height=\"1024\" src=\"https:\/\/kvklingenmuenster.de\/wp-content\/uploads\/2025\/10\/Lebendkicker-KVK-819x1024.png\" alt=\"\" class=\"wp-image-758\" srcset=\"https:\/\/kvklingenmuenster.de\/wp-content\/uploads\/2025\/10\/Lebendkicker-KVK-819x1024.png 819w, https:\/\/kvklingenmuenster.de\/wp-content\/uploads\/2025\/10\/Lebendkicker-KVK-320x400.png 320w, https:\/\/kvklingenmuenster.de\/wp-content\/uploads\/2025\/10\/Lebendkicker-KVK.png 1080w\" sizes=\"auto, (max-width: 819px) 100vw, 819px\" \/><\/figure>\n\n\n\n<p><\/p>\n\n\n\n<p><\/p>\n\n\n\n<p><\/p>\n\n\n\n<p><\/p>\n\n\n\n<p><\/p>\n\n\n\n<p><\/p>\n\n\n\n<h2 class=\"wp-block-heading\">Jubil\u00e4umswochenende &#8211; SAVE THE DATE<\/h2>\n\n\n\n<p>33 Jahre KVK &#8211; Das Jubil\u00e4umswochenende!<br><br>Liebe Narren, wir rufen laut HELAU! Der KVK feiert sein 33-j\u00e4hriges Bestehen &#8211; und das m\u00f6chten wir mit EUCH geb\u00fchrend feiern.<br><br>Merkt euch schon jetzt den 24.-25. Mai 2025 vor, denn dieses Wochenende wird legend\u00e4r. Was euch erwartet? Hier ein kleiner Spoiler ins Programm: <br><br>Samstag, 24.05.<br>Ab 15 Uhr: Offizieller Teil, ein bunter Nachmittag voller R\u00fcckblicke<br>Ab 20 Uhr: Die gro\u00dfe Jubil\u00e4umsparty mit Acoustic&amp;Amazing (Tickets bald verf\u00fcgbar) <br><br>Sonntag, 25.05. <br>Ab 11 Uhr: Gro\u00dfer Kindertag <br><br>Wir freuen uns schon n\u00e4rrisch auf Euch! Euer KVK<br><br><\/p>\n\n\n\n<figure class=\"wp-block-image size-large\"><img loading=\"lazy\" decoding=\"async\" width=\"724\" height=\"1024\" src=\"https:\/\/kvklingenmuenster.de\/wp-content\/uploads\/2025\/03\/Plakat-724x1024.png\" alt=\"\" class=\"wp-image-738\" srcset=\"https:\/\/kvklingenmuenster.de\/wp-content\/uploads\/2025\/03\/Plakat-724x1024.png 724w, https:\/\/kvklingenmuenster.de\/wp-content\/uploads\/2025\/03\/Plakat-283x400.png 283w, https:\/\/kvklingenmuenster.de\/wp-content\/uploads\/2025\/03\/Plakat.png 1414w\" sizes=\"auto, (max-width: 724px) 100vw, 724px\" \/><\/figure>\n\n\n\n<h2 class=\"wp-block-heading\">Ehrungen 2024<\/h2>\n\n\n\n<h3 class=\"wp-block-heading\"><strong>Ehrungen uff die n\u00e4rrisch Art!<\/strong> &#x1f942;<\/h3>\n\n\n\n<p>Dieses Johr gab\u2019s wieder einige, die ma kr\u00e4ftig feiere d\u00fcrfe. Ein dickes <strong>Dankesch\u00f6n<\/strong> an euch all f\u00fcr eure Treue un euer Engagement! &#x1f64c;<\/p>\n\n\n\n<p><strong>33 Johr dabei:<\/strong><br>&#x1f3ad; Volker Hoffmann<br>&#x1f3ad; Gabriele Hoffmann<br>&#x1f3ad; Herbert Sch\u00f6ffel<br>&#x1f3ad; Ulrich Minor<\/p>\n\n\n\n<p><strong>22 Johr n\u00e4rrisch:<\/strong><br>&#x1f3ad; Edelbert Lang<br>&#x1f3ad; Christian Engelmeyer<br>&#x1f3ad; Nicole Kuntz<\/p>\n\n\n\n<p><strong>11 Johr Helau:<\/strong><br>&#x1f3ad; Jana Arnold<br>&#x1f3ad; Emma Thiery<br>&#x1f3ad; Greta Thiery<br>&#x1f3ad; Denise Meyer<br>&#x1f3ad; Julia B\u00fcchler<br>&#x1f3ad; Stella Flory<br>&#x1f3ad; Josephine Rega<br>&#x1f3ad; Moritz Moch <br>&#x1f3ad; Frederik Moch <\/p>\n\n\n\n<p>Auf euch alle e dreifach donnerndes:<br><strong>Minschder HELAU!<\/strong> &#x1f3ba;&#x1f3ad;&#x2728;<\/p>\n\n\n\n<figure class=\"wp-block-image size-large is-resized\"><img loading=\"lazy\" decoding=\"async\" width=\"1024\" height=\"683\" src=\"https:\/\/kvklingenmuenster.de\/wp-content\/uploads\/2024\/11\/DSC09827-1024x683.jpg\" alt=\"\" class=\"wp-image-703\" style=\"width:1140px;height:auto\" srcset=\"https:\/\/kvklingenmuenster.de\/wp-content\/uploads\/2024\/11\/DSC09827-1024x683.jpg 1024w, https:\/\/kvklingenmuenster.de\/wp-content\/uploads\/2024\/11\/DSC09827-400x267.jpg 400w, https:\/\/kvklingenmuenster.de\/wp-content\/uploads\/2024\/11\/DSC09827-2000x1333.jpg 2000w, https:\/\/kvklingenmuenster.de\/wp-content\/uploads\/2024\/11\/DSC09827.jpg 2048w\" sizes=\"auto, (max-width: 1024px) 100vw, 1024px\" \/><\/figure>\n\n\n\n<h2 class=\"wp-block-heading\"><\/h2>\n\n\n\n<p><\/p>\n\n\n\n<figure class=\"wp-block-image size-large\"><img loading=\"lazy\" decoding=\"async\" width=\"1024\" height=\"683\" src=\"https:\/\/kvklingenmuenster.de\/wp-content\/uploads\/2024\/11\/DSC00057-1024x683.jpg\" alt=\"\" class=\"wp-image-698\" srcset=\"https:\/\/kvklingenmuenster.de\/wp-content\/uploads\/2024\/11\/DSC00057-1024x683.jpg 1024w, https:\/\/kvklingenmuenster.de\/wp-content\/uploads\/2024\/11\/DSC00057-400x267.jpg 400w, https:\/\/kvklingenmuenster.de\/wp-content\/uploads\/2024\/11\/DSC00057-2000x1333.jpg 2000w, https:\/\/kvklingenmuenster.de\/wp-content\/uploads\/2024\/11\/DSC00057.jpg 2048w\" sizes=\"auto, (max-width: 1024px) 100vw, 1024px\" \/><\/figure>\n\n\n\n<p><\/p>\n\n\n\n<h3 class=\"wp-block-heading\">Es gebt Neuigkeite! <\/h3>\n\n\n\n<p>Endlich hann ma a neue Sitzungspr\u00e4sidentin f\u00fcr unsern Timo! Ihr kennt se all: Es is unsern Till \u2013 \u00e4hm, also d&#8216; Lisa. &#x1faf6;<br>Un weil d&#8216; Lisa jetzt kein Till mehr is, brauche ma en neue Till. Un des is ab sofort unser Leni! &#x1f389;<br><br>Drum rufe ma zamme uff unser neues Duo a dreifach donnerndes:<\/p>\n\n\n\n<p><strong>Minschder HELAU!<\/strong> &#x1f3ba;&#x1f973;<\/p>\n\n\n\n<p><\/p>\n","protected":false},"excerpt":{"rendered":"<p>Ladys &amp; Gentlemen, wir pr\u00e4sentieren: Unser neues Kinderprinzenpaar 2026: Prinz Phil I. und Prinzessin Ida I. Danke an alle die da waren! Es war uns wieder einmal ein Fest! #minschderhelau Heute z\u00fcnden wir wieder mal eine Rakete \u2013 dieses mal randvoll gef\u00fcllt mit ganz viel Stolz!! &#x1f680;Denn es gibt einen ganz besonderen Grund zum Feiern &hellip; <\/p>\n<p class=\"link-more\"><a href=\"https:\/\/kvklingenmuenster.de\/?page_id=51\" class=\"more-link\">Mehr <span class=\"screen-reader-text\">\u00fcber &#8222;Aktuelles 2025\/2026&#8220; <\/span>Lesen<\/a><\/p>\n","protected":false},"author":2,"featured_media":0,"parent":0,"menu_order":0,"comment_status":"closed","ping_status":"closed","template":"","meta":{"footnotes":""},"class_list":["post-51","page","type-page","status-publish","hentry"],"_links":{"self":[{"href":"https:\/\/kvklingenmuenster.de\/index.php?rest_route=\/wp\/v2\/pages\/51","targetHints":{"allow":["GET"]}}],"collection":[{"href":"https:\/\/kvklingenmuenster.de\/index.php?rest_route=\/wp\/v2\/pages"}],"about":[{"href":"https:\/\/kvklingenmuenster.de\/index.php?rest_route=\/wp\/v2\/types\/page"}],"author":[{"embeddable":true,"href":"https:\/\/kvklingenmuenster.de\/index.php?rest_route=\/wp\/v2\/users\/2"}],"replies":[{"embeddable":true,"href":"https:\/\/kvklingenmuenster.de\/index.php?rest_route=%2Fwp%2Fv2%2Fcomments&post=51"}],"version-history":[{"count":43,"href":"https:\/\/kvklingenmuenster.de\/index.php?rest_route=\/wp\/v2\/pages\/51\/revisions"}],"predecessor-version":[{"id":809,"href":"https:\/\/kvklingenmuenster.de\/index.php?rest_route=\/wp\/v2\/pages\/51\/revisions\/809"}],"wp:attachment":[{"href":"https:\/\/kvklingenmuenster.de\/index.php?rest_route=%2Fwp%2Fv2%2Fmedia&parent=51"}],"curies":[{"name":"wp","href":"https:\/\/api.w.org\/{rel}","templated":true}]}}