{"id":41,"date":"2017-07-31T18:54:19","date_gmt":"2017-07-31T18:54:19","guid":{"rendered":"http:\/\/kvklingenmuenster.de\/?page_id=41"},"modified":"2025-11-17T09:24:24","modified_gmt":"2025-11-17T07:24:24","slug":"prinzenpaare","status":"publish","type":"page","link":"https:\/\/kvklingenmuenster.de\/?page_id=41","title":{"rendered":"Prinzenpaare"},"content":{"rendered":"<h1 style=\"text-align: center;\"><span style=\"font-size: 28pt;\"><em><span style=\"text-decoration: underline;\"><span style=\"font-family: comic sans ms,sans-serif;\">Prinzenpaare und Mottos aller Kampagnen des KVK<\/span><\/span><\/em><\/span><\/h1>\n<ul>\n<li><span style=\"color: #ff0000; font-family: comic sans ms,sans-serif; font-size: 16pt;\"><strong>1992<\/strong>\u00a0 <strong>Bilstein Elke II. &amp; Hoffmann Lothar I.<\/strong><\/span><\/li>\n<\/ul>\n<blockquote>\n<p><img loading=\"lazy\" decoding=\"async\" class=\"alignnone wp-image-211 size-full\" src=\"https:\/\/kvklingenmuenster.de\/wp-content\/uploads\/2017\/08\/IMG_0001.jpg\" alt=\"\" width=\"1141\" height=\"1282\" srcset=\"https:\/\/kvklingenmuenster.de\/wp-content\/uploads\/2017\/08\/IMG_0001.jpg 1141w, https:\/\/kvklingenmuenster.de\/wp-content\/uploads\/2017\/08\/IMG_0001-267x300.jpg 267w, https:\/\/kvklingenmuenster.de\/wp-content\/uploads\/2017\/08\/IMG_0001-768x863.jpg 768w, https:\/\/kvklingenmuenster.de\/wp-content\/uploads\/2017\/08\/IMG_0001-911x1024.jpg 911w\" sizes=\"auto, (max-width: 1141px) 100vw, 1141px\" \/><\/p>\n<p><span style=\"font-family: comic sans ms,sans-serif; font-size: 14pt;\"><em>&#8222;Humor ist, wenn man trotzdem lacht in Minscher machmer Fasenacht&#8220;<\/em><\/span><\/p>\n<\/blockquote>\n<ul>\n<li><span style=\"font-size: 16pt; font-family: comic sans ms,sans-serif;\"><strong><span style=\"color: #ff0000;\">1993\u00a0 Pautler-Keule Manuela I. &amp; Keule Ernst I.<\/span><\/strong><\/span><\/li>\n<\/ul>\n<blockquote>\n<p><img loading=\"lazy\" decoding=\"async\" class=\"alignnone wp-image-303 size-large\" src=\"https:\/\/kvklingenmuenster.de\/wp-content\/uploads\/2017\/08\/IMG_0001-2-1024x687.jpg\" alt=\"\" width=\"525\" height=\"352\" srcset=\"https:\/\/kvklingenmuenster.de\/wp-content\/uploads\/2017\/08\/IMG_0001-2-1024x687.jpg 1024w, https:\/\/kvklingenmuenster.de\/wp-content\/uploads\/2017\/08\/IMG_0001-2-300x201.jpg 300w, https:\/\/kvklingenmuenster.de\/wp-content\/uploads\/2017\/08\/IMG_0001-2-768x515.jpg 768w, https:\/\/kvklingenmuenster.de\/wp-content\/uploads\/2017\/08\/IMG_0001-2.jpg 1986w\" sizes=\"auto, (max-width: 525px) 100vw, 525px\" \/><\/p>\n<p><span style=\"font-family: comic sans ms,sans-serif; font-size: 14pt;\">&#8222;So gro\u00df und bunt wie\u00b4s Zirkuszelt ist die Minschdrer Narrenwelt&#8220;<\/span><\/p>\n<\/blockquote>\n<ul>\n<li><span style=\"font-family: comic sans ms,sans-serif; font-size: 16pt;\"><strong><span style=\"color: #ff0000;\">1994\u00a0\u00a0 Gast Birgit I. &amp; Gast Josef I.<\/span><\/strong><\/span><\/li>\n<\/ul>\n<blockquote>\n<p><span style=\"font-family: comic sans ms,sans-serif; font-size: 14pt;\"><em><img loading=\"lazy\" decoding=\"async\" class=\"alignright wp-image-216 size-large\" src=\"https:\/\/kvklingenmuenster.de\/wp-content\/uploads\/2017\/08\/BirgitJosef-1995-680x1024.jpg\" alt=\"\" width=\"525\" height=\"791\" srcset=\"https:\/\/kvklingenmuenster.de\/wp-content\/uploads\/2017\/08\/BirgitJosef-1995-680x1024.jpg 680w, https:\/\/kvklingenmuenster.de\/wp-content\/uploads\/2017\/08\/BirgitJosef-1995-199x300.jpg 199w, https:\/\/kvklingenmuenster.de\/wp-content\/uploads\/2017\/08\/BirgitJosef-1995-768x1157.jpg 768w, https:\/\/kvklingenmuenster.de\/wp-content\/uploads\/2017\/08\/BirgitJosef-1995.jpg 964w\" sizes=\"auto, (max-width: 525px) 100vw, 525px\" \/><\/em><\/span><\/p>\n<p><span style=\"font-family: comic sans ms,sans-serif; font-size: 14pt;\"><em>&#8222;Wir heben ab&#8220;<\/em><\/span><\/p>\n<\/blockquote>\n<p>&nbsp;<\/p>\n<ul>\n<li style=\"text-align: left;\"><span style=\"font-family: comic sans ms,sans-serif; font-size: 16pt;\"><strong><span style=\"color: #ff0000;\">1995\u00a0\u00a0 Platz Gisela I. &amp; Platz Werner III.<\/span><\/strong><\/span><\/li>\n<\/ul>\n<blockquote>\n<p><span style=\"font-family: comic sans ms,sans-serif; font-size: 14pt;\"><em><img loading=\"lazy\" decoding=\"async\" class=\"alignnone wp-image-304 size-large\" src=\"https:\/\/kvklingenmuenster.de\/wp-content\/uploads\/2017\/08\/IMG_0004-780x1024.jpg\" alt=\"\" width=\"525\" height=\"689\" srcset=\"https:\/\/kvklingenmuenster.de\/wp-content\/uploads\/2017\/08\/IMG_0004-780x1024.jpg 780w, https:\/\/kvklingenmuenster.de\/wp-content\/uploads\/2017\/08\/IMG_0004-229x300.jpg 229w, https:\/\/kvklingenmuenster.de\/wp-content\/uploads\/2017\/08\/IMG_0004-768x1008.jpg 768w, https:\/\/kvklingenmuenster.de\/wp-content\/uploads\/2017\/08\/IMG_0004.jpg 1231w\" sizes=\"auto, (max-width: 525px) 100vw, 525px\" \/>&#8222;N\u00e4rrische Parodie auf Nostalgie&#8220;<\/em><\/span><\/p>\n<\/blockquote>\n<p>&nbsp;<\/p>\n<ul>\n<li><span style=\"font-family: comic sans ms,sans-serif; font-size: 16pt;\"><strong><span style=\"color: #ff0000;\">1996\u00a0\u00a0 Genderjahn Anja I. &amp; M\u00fctsch Martin I.<\/span><\/strong><\/span><\/li>\n<\/ul>\n<blockquote>\n<p><span style=\"font-family: comic sans ms,sans-serif; font-size: 14pt;\"><em><img loading=\"lazy\" decoding=\"async\" class=\"alignleft wp-image-219 size-large\" src=\"https:\/\/kvklingenmuenster.de\/wp-content\/uploads\/2017\/08\/IMG_0003-1024x991.jpg\" alt=\"\" width=\"525\" height=\"508\" srcset=\"https:\/\/kvklingenmuenster.de\/wp-content\/uploads\/2017\/08\/IMG_0003-1024x991.jpg 1024w, https:\/\/kvklingenmuenster.de\/wp-content\/uploads\/2017\/08\/IMG_0003-300x290.jpg 300w, https:\/\/kvklingenmuenster.de\/wp-content\/uploads\/2017\/08\/IMG_0003-768x743.jpg 768w, https:\/\/kvklingenmuenster.de\/wp-content\/uploads\/2017\/08\/IMG_0003.jpg 1172w\" sizes=\"auto, (max-width: 525px) 100vw, 525px\" \/><\/em><\/span><\/p>\n<p><span style=\"font-family: comic sans ms,sans-serif; font-size: 14pt;\"><em>&#8222;Mit 1000 bunten Luftballons ins Reich der Fantasie&#8220;<\/em><\/span><\/p>\n<\/blockquote>\n<p>&nbsp;<\/p>\n<ul>\n<li><span style=\"font-family: comic sans ms,sans-serif; font-size: 14pt;\"><strong><span style=\"color: #ff0000;\"><span style=\"font-size: 16pt;\">1997\u00a0\u00a0 Hoffmann Gabi I. &amp; Hoffmann Volker I.<\/span><\/span><\/strong><\/span><\/li>\n<\/ul>\n<blockquote>\n<p><span style=\"font-family: comic sans ms,sans-serif; font-size: 14pt;\"><em><img loading=\"lazy\" decoding=\"async\" class=\"alignright wp-image-221 size-large\" src=\"https:\/\/kvklingenmuenster.de\/wp-content\/uploads\/2017\/08\/IMG_0003-2-709x1024.jpg\" alt=\"\" width=\"525\" height=\"758\" srcset=\"https:\/\/kvklingenmuenster.de\/wp-content\/uploads\/2017\/08\/IMG_0003-2-709x1024.jpg 709w, https:\/\/kvklingenmuenster.de\/wp-content\/uploads\/2017\/08\/IMG_0003-2-208x300.jpg 208w, https:\/\/kvklingenmuenster.de\/wp-content\/uploads\/2017\/08\/IMG_0003-2-768x1109.jpg 768w, https:\/\/kvklingenmuenster.de\/wp-content\/uploads\/2017\/08\/IMG_0003-2.jpg 1180w\" sizes=\"auto, (max-width: 525px) 100vw, 525px\" \/><\/em><\/span><\/p>\n<p><span style=\"font-family: comic sans ms,sans-serif; font-size: 14pt;\"><em>&#8222;Der Wilde Westen lacht zur Minschdrer Fasenacht&#8220;<\/em><\/span><\/p>\n<\/blockquote>\n<p>&nbsp;<\/p>\n<ul>\n<li><span style=\"font-family: comic sans ms,sans-serif; font-size: 14pt;\"><strong><span style=\"color: #ff0000;\"><span style=\"font-size: 16pt;\">1998\u00a0\u00a0\u00a0 Bauer Bernhardt &amp; Sch\u00f6ffel Herbert &amp; Bohrer Hermann<\/span><br \/><\/span><\/strong><\/span><\/li>\n<\/ul>\n<p>Treue Begleiter des Dreigestirn: Paul Peter, Porzelt Gerhard &amp; Flory Werner<\/p>\n<blockquote>\n<p><span style=\"font-family: comic sans ms,sans-serif; font-size: 14pt;\"><em><img loading=\"lazy\" decoding=\"async\" class=\"alignleft wp-image-223 size-large\" src=\"https:\/\/kvklingenmuenster.de\/wp-content\/uploads\/2017\/08\/N\u00e4rrisches-Dreigestirn-1024x799.jpg\" alt=\"\" width=\"525\" height=\"410\" srcset=\"https:\/\/kvklingenmuenster.de\/wp-content\/uploads\/2017\/08\/N\u00e4rrisches-Dreigestirn-1024x799.jpg 1024w, https:\/\/kvklingenmuenster.de\/wp-content\/uploads\/2017\/08\/N\u00e4rrisches-Dreigestirn-300x234.jpg 300w, https:\/\/kvklingenmuenster.de\/wp-content\/uploads\/2017\/08\/N\u00e4rrisches-Dreigestirn-768x599.jpg 768w, https:\/\/kvklingenmuenster.de\/wp-content\/uploads\/2017\/08\/N\u00e4rrisches-Dreigestirn.jpg 1728w\" sizes=\"auto, (max-width: 525px) 100vw, 525px\" \/><\/em><\/span><\/p>\n<p><span style=\"font-family: comic sans ms,sans-serif; font-size: 14pt;\"><em>&#8222;Mit Kokolores und Konfetti alles Paletti&#8220;<\/em><\/span><\/p>\n<\/blockquote>\n<p>&nbsp;<\/p>\n<ul>\n<li><span style=\"font-family: comic sans ms,sans-serif; font-size: 16pt;\"><strong><span style=\"color: #ff0000;\">1999\u00a0\u00a0\u00a0Trasch\u00fctz Liane I. &amp; Trasch\u00fctz Gerhard II.<\/span><\/strong><\/span><\/li>\n<\/ul>\n<blockquote>\n<p><span style=\"font-family: comic sans ms,sans-serif; font-size: 14pt;\"><em><img loading=\"lazy\" decoding=\"async\" class=\"alignright wp-image-225 size-large\" src=\"https:\/\/kvklingenmuenster.de\/wp-content\/uploads\/2017\/08\/IMG_0038-661x1024.jpg\" alt=\"\" width=\"525\" height=\"813\" srcset=\"https:\/\/kvklingenmuenster.de\/wp-content\/uploads\/2017\/08\/IMG_0038-661x1024.jpg 661w, https:\/\/kvklingenmuenster.de\/wp-content\/uploads\/2017\/08\/IMG_0038-194x300.jpg 194w, https:\/\/kvklingenmuenster.de\/wp-content\/uploads\/2017\/08\/IMG_0038-768x1189.jpg 768w, https:\/\/kvklingenmuenster.de\/wp-content\/uploads\/2017\/08\/IMG_0038.jpg 770w\" sizes=\"auto, (max-width: 525px) 100vw, 525px\" \/><\/em><\/span><\/p>\n<p><span style=\"font-family: comic sans ms,sans-serif; font-size: 14pt;\"><em>&#8222;Im Dschungel sind die<\/em> <em>Narren los&#8220;<\/em><\/span><\/p>\n<\/blockquote>\n<p>&nbsp;<\/p>\n<ul>\n<li><span style=\"font-family: comic sans ms,sans-serif; font-size: 16pt;\"><strong><span style=\"color: #ff0000;\">2000\u00a0\u00a0 Mager Silke I. &amp; Mager J\u00f6rg I.<\/span><\/strong><\/span><\/li>\n<\/ul>\n<blockquote>\n<p><img loading=\"lazy\" decoding=\"async\" class=\"alignleft wp-image-268 size-large\" src=\"https:\/\/kvklingenmuenster.de\/wp-content\/uploads\/2017\/08\/IMG_0001-1-802x1024.jpg\" alt=\"\" width=\"525\" height=\"670\" srcset=\"https:\/\/kvklingenmuenster.de\/wp-content\/uploads\/2017\/08\/IMG_0001-1-802x1024.jpg 802w, https:\/\/kvklingenmuenster.de\/wp-content\/uploads\/2017\/08\/IMG_0001-1-235x300.jpg 235w, https:\/\/kvklingenmuenster.de\/wp-content\/uploads\/2017\/08\/IMG_0001-1-768x981.jpg 768w, https:\/\/kvklingenmuenster.de\/wp-content\/uploads\/2017\/08\/IMG_0001-1.jpg 1328w\" sizes=\"auto, (max-width: 525px) 100vw, 525px\" \/><\/p>\n<p><span style=\"font-family: comic sans ms,sans-serif; font-size: 14pt;\"><em>&#8222;Berauschend ins Jahr 2000&#8220;<\/em><\/span><\/p>\n<\/blockquote>\n<p>&nbsp;<\/p>\n<ul>\n<li><span style=\"font-size: 16pt; font-family: comic sans ms,sans-serif;\"><strong><span style=\"color: #ff0000;\">2001\u00a0\u00a0 Braun Elke III. &amp; Braun Joachim I.<\/span><\/strong><\/span><\/li>\n<\/ul>\n<blockquote>\n<p><span style=\"font-size: 14pt; font-family: comic sans ms,sans-serif;\"><em><img loading=\"lazy\" decoding=\"async\" class=\"alignright wp-image-229 size-large\" src=\"https:\/\/kvklingenmuenster.de\/wp-content\/uploads\/2017\/08\/Elke-Joachim-Braun-2001-836x1024.jpg\" alt=\"\" width=\"525\" height=\"643\" srcset=\"https:\/\/kvklingenmuenster.de\/wp-content\/uploads\/2017\/08\/Elke-Joachim-Braun-2001-836x1024.jpg 836w, https:\/\/kvklingenmuenster.de\/wp-content\/uploads\/2017\/08\/Elke-Joachim-Braun-2001-245x300.jpg 245w, https:\/\/kvklingenmuenster.de\/wp-content\/uploads\/2017\/08\/Elke-Joachim-Braun-2001-768x941.jpg 768w, https:\/\/kvklingenmuenster.de\/wp-content\/uploads\/2017\/08\/Elke-Joachim-Braun-2001.jpg 1228w\" sizes=\"auto, (max-width: 525px) 100vw, 525px\" \/><\/em><\/span><\/p>\n<p>&nbsp;<\/p>\n<p>&nbsp;<\/p>\n<p>&nbsp;<\/p>\n<p>&nbsp;<\/p>\n<p>&nbsp;<\/p>\n<p>&nbsp;<\/p>\n<p>&nbsp;<\/p>\n<p>&nbsp;<\/p>\n<p>&nbsp;<\/p>\n<p>&nbsp;<\/p>\n<p>&nbsp;<\/p>\n<p>&nbsp;<\/p>\n<p><span style=\"font-size: 14pt; font-family: comic sans ms,sans-serif;\"><em>&#8222;Ob zu Wasser oder\u00a0Land, Minschder au\u00dfer Rand und Band&#8220;<\/em><\/span><\/p>\n<\/blockquote>\n<p>&nbsp;<\/p>\n<ul>\n<li><span style=\"font-family: comic sans ms,sans-serif; font-size: 16pt;\"><strong><span style=\"color: #ff0000;\">2002\u00a0\u00a0\u00a0Rapp Sonja I. &amp; Rapp Horst I.<\/span><\/strong><\/span><\/li>\n<\/ul>\n<blockquote>\n<p><span style=\"font-family: comic sans ms,sans-serif; font-size: 14pt;\"><em><img loading=\"lazy\" decoding=\"async\" class=\"alignleft wp-image-231 size-large\" src=\"https:\/\/kvklingenmuenster.de\/wp-content\/uploads\/2017\/08\/088-1024x683.jpg\" alt=\"\" width=\"525\" height=\"350\" srcset=\"https:\/\/kvklingenmuenster.de\/wp-content\/uploads\/2017\/08\/088-1024x683.jpg 1024w, https:\/\/kvklingenmuenster.de\/wp-content\/uploads\/2017\/08\/088-300x200.jpg 300w, https:\/\/kvklingenmuenster.de\/wp-content\/uploads\/2017\/08\/088-768x512.jpg 768w\" sizes=\"auto, (max-width: 525px) 100vw, 525px\" \/><\/em><\/span><\/p>\n<p><span style=\"font-family: comic sans ms,sans-serif; font-size: 14pt;\"><em>&#8222;De Euro\u00a0kummt 2002 un Minschder feiert\u00a0Ritz am B\u00e4&#8220;<\/em><\/span><\/p>\n<\/blockquote>\n<ul>\n<li><span style=\"font-family: comic sans ms,sans-serif; font-size: 16pt;\"><strong><span style=\"color: #ff0000;\">2003\u00a0\u00a0\u00a0Flory Birgit II. &amp; Flory Christian I.<\/span><\/strong><\/span><\/li>\n<\/ul>\n<blockquote>\n<p><span style=\"font-family: comic sans ms,sans-serif; font-size: 14pt;\"><em><img loading=\"lazy\" decoding=\"async\" class=\"alignright wp-image-233 size-large\" src=\"https:\/\/kvklingenmuenster.de\/wp-content\/uploads\/2017\/08\/Birgit-Christian-673x1024.jpg\" alt=\"\" width=\"525\" height=\"799\" srcset=\"https:\/\/kvklingenmuenster.de\/wp-content\/uploads\/2017\/08\/Birgit-Christian-673x1024.jpg 673w, https:\/\/kvklingenmuenster.de\/wp-content\/uploads\/2017\/08\/Birgit-Christian-197x300.jpg 197w, https:\/\/kvklingenmuenster.de\/wp-content\/uploads\/2017\/08\/Birgit-Christian-768x1169.jpg 768w, https:\/\/kvklingenmuenster.de\/wp-content\/uploads\/2017\/08\/Birgit-Christian.jpg 1256w\" sizes=\"auto, (max-width: 525px) 100vw, 525px\" \/><\/em><\/span><\/p>\n<p>&nbsp;<\/p>\n<p>&nbsp;<\/p>\n<p>&nbsp;<\/p>\n<p>&nbsp;<\/p>\n<p>&nbsp;<\/p>\n<p>&nbsp;<\/p>\n<p>&nbsp;<\/p>\n<p>&nbsp;<\/p>\n<p>&nbsp;<\/p>\n<p>&nbsp;<\/p>\n<p>&nbsp;<\/p>\n<p>&nbsp;<\/p>\n<p>&nbsp;<\/p>\n<p>&nbsp;<\/p>\n<p><span style=\"font-family: comic sans ms,sans-serif; font-size: 14pt;\"><em>&#8222;11 Jahre Fasenacht die Spa\u00df macht&#8220;<\/em><\/span><\/p>\n<\/blockquote>\n<ul>\n<li><span style=\"font-family: comic sans ms,sans-serif; font-size: 16pt;\"><strong><span style=\"color: #ff0000;\">2004\u00a0\u00a0 Anklam Sabine\u00a0I. &amp; Anklam Uwe I.<\/span><\/strong><\/span><\/li>\n<\/ul>\n<blockquote>\n<p><span style=\"font-family: comic sans ms,sans-serif; font-size: 14pt;\"><em><img loading=\"lazy\" decoding=\"async\" class=\"alignleft wp-image-235 size-large\" src=\"https:\/\/kvklingenmuenster.de\/wp-content\/uploads\/2017\/08\/IMG_0011-774x1024.jpg\" alt=\"\" width=\"525\" height=\"695\" srcset=\"https:\/\/kvklingenmuenster.de\/wp-content\/uploads\/2017\/08\/IMG_0011-774x1024.jpg 774w, https:\/\/kvklingenmuenster.de\/wp-content\/uploads\/2017\/08\/IMG_0011-227x300.jpg 227w, https:\/\/kvklingenmuenster.de\/wp-content\/uploads\/2017\/08\/IMG_0011-768x1016.jpg 768w, https:\/\/kvklingenmuenster.de\/wp-content\/uploads\/2017\/08\/IMG_0011.jpg 1159w\" sizes=\"auto, (max-width: 525px) 100vw, 525px\" \/><\/em><\/span><\/p>\n<p><span style=\"font-family: comic sans ms,sans-serif; font-size: 14pt;\"><em>&#8222;Reif f\u00fcr die Insel&#8220;<\/em><\/span><\/p>\n<\/blockquote>\n<p>&nbsp;<\/p>\n<ul>\n<li><span style=\"color: #ff0000; font-family: comic sans ms,sans-serif; font-size: 14pt;\"><strong>2005\u00a0\u00a0 Linnebacher Betina I. &amp; Linnebacher Norbert I.<\/strong><\/span><\/li>\n<\/ul>\n<blockquote>\n<p><span style=\"font-family: comic sans ms,sans-serif; font-size: 14pt;\"><img loading=\"lazy\" decoding=\"async\" class=\"alignright wp-image-237 size-large\" src=\"https:\/\/kvklingenmuenster.de\/wp-content\/uploads\/2017\/08\/2005-Bettina-Norbert-Linnebacher-789x1024.jpg\" alt=\"\" width=\"525\" height=\"681\" srcset=\"https:\/\/kvklingenmuenster.de\/wp-content\/uploads\/2017\/08\/2005-Bettina-Norbert-Linnebacher-789x1024.jpg 789w, https:\/\/kvklingenmuenster.de\/wp-content\/uploads\/2017\/08\/2005-Bettina-Norbert-Linnebacher-231x300.jpg 231w, https:\/\/kvklingenmuenster.de\/wp-content\/uploads\/2017\/08\/2005-Bettina-Norbert-Linnebacher-768x997.jpg 768w, https:\/\/kvklingenmuenster.de\/wp-content\/uploads\/2017\/08\/2005-Bettina-Norbert-Linnebacher.jpg 1328w\" sizes=\"auto, (max-width: 525px) 100vw, 525px\" \/><\/span><\/p>\n<p><span style=\"font-family: comic sans ms,sans-serif; font-size: 14pt;\">&#8222;Jetzt <em>schl\u00e4gt\u00b4s 13&#8243;<\/em><\/span><\/p>\n<\/blockquote>\n<p>&nbsp;<\/p>\n<ul>\n<li><span style=\"font-family: comic sans ms,sans-serif; font-size: 16pt;\"><strong><span style=\"color: #ff0000;\">2006\u00a0\u00a0\u00a0Buckel Ruth I. &amp; Buckel Harro I.<\/span><\/strong><\/span><\/li>\n<\/ul>\n<blockquote>\n<p><img loading=\"lazy\" decoding=\"async\" class=\"alignnone wp-image-239 size-large\" src=\"https:\/\/kvklingenmuenster.de\/wp-content\/uploads\/2017\/08\/Bild-1-3-1024x768.jpg\" alt=\"\" width=\"525\" height=\"394\" srcset=\"https:\/\/kvklingenmuenster.de\/wp-content\/uploads\/2017\/08\/Bild-1-3-1024x768.jpg 1024w, https:\/\/kvklingenmuenster.de\/wp-content\/uploads\/2017\/08\/Bild-1-3-300x225.jpg 300w, https:\/\/kvklingenmuenster.de\/wp-content\/uploads\/2017\/08\/Bild-1-3-768x576.jpg 768w, https:\/\/kvklingenmuenster.de\/wp-content\/uploads\/2017\/08\/Bild-1-3.jpg 2048w\" sizes=\"auto, (max-width: 525px) 100vw, 525px\" \/><\/p>\n<p><span style=\"font-family: comic sans ms,sans-serif; font-size: 14pt;\"><em>&#8222;Unnerhalb de Burch \u00b4 knallt alles durch&#8220;<\/em><\/span><\/p>\n<\/blockquote>\n<p>&nbsp;<\/p>\n<ul>\n<li><span style=\"color: #ff0000; font-family: comic sans ms,sans-serif; font-size: 16pt;\"><strong>2007\u00a0\u00a0 Hantke Ramona I. &amp; Hantke Jens I.<\/strong><\/span><\/li>\n<\/ul>\n<blockquote>\n<p><span style=\"font-family: comic sans ms,sans-serif; font-size: 14pt;\"><img loading=\"lazy\" decoding=\"async\" class=\"alignright wp-image-241 size-large\" src=\"https:\/\/kvklingenmuenster.de\/wp-content\/uploads\/2017\/08\/IMG_8729-683x1024.jpg\" alt=\"\" width=\"525\" height=\"787\" srcset=\"https:\/\/kvklingenmuenster.de\/wp-content\/uploads\/2017\/08\/IMG_8729-683x1024.jpg 683w, https:\/\/kvklingenmuenster.de\/wp-content\/uploads\/2017\/08\/IMG_8729-200x300.jpg 200w, https:\/\/kvklingenmuenster.de\/wp-content\/uploads\/2017\/08\/IMG_8729-768x1152.jpg 768w, https:\/\/kvklingenmuenster.de\/wp-content\/uploads\/2017\/08\/IMG_8729.jpg 1664w\" sizes=\"auto, (max-width: 525px) 100vw, 525px\" \/><\/span><\/p>\n<p><span style=\"font-family: comic sans ms,sans-serif; font-size: 14pt;\"><em>&#8222;Spass im Narrenfass&#8220;<\/em><\/span><\/p>\n<\/blockquote>\n<p>&nbsp;<\/p>\n<ul>\n<li><span style=\"font-family: comic sans ms,sans-serif; font-size: 14pt;\"><strong><span style=\"color: #ff0000;\">2008\u00a0 Claahsen L\u00fcrtzener Doris I. &amp; L\u00fcrtzener Ulrich I.<\/span><\/strong><\/span><\/li>\n<\/ul>\n<blockquote>\n<p><span style=\"font-family: comic sans ms,sans-serif; font-size: 14pt;\"><img loading=\"lazy\" decoding=\"async\" class=\"alignleft wp-image-243 size-large\" src=\"https:\/\/kvklingenmuenster.de\/wp-content\/uploads\/2017\/08\/IMG_2302-1024x683.jpg\" alt=\"\" width=\"525\" height=\"350\" srcset=\"https:\/\/kvklingenmuenster.de\/wp-content\/uploads\/2017\/08\/IMG_2302-1024x683.jpg 1024w, https:\/\/kvklingenmuenster.de\/wp-content\/uploads\/2017\/08\/IMG_2302-300x200.jpg 300w, https:\/\/kvklingenmuenster.de\/wp-content\/uploads\/2017\/08\/IMG_2302-768x512.jpg 768w\" sizes=\"auto, (max-width: 525px) 100vw, 525px\" \/><\/span><\/p>\n<p><span style=\"font-family: comic sans ms,sans-serif; font-size: 14pt;\"><em>&#8222;Willkommen im K\u00e4fig der Narren&#8220;<\/em><\/span><\/p>\n<\/blockquote>\n<p>&nbsp;<\/p>\n<ul>\n<li><span style=\"font-family: comic sans ms,sans-serif; font-size: 16pt;\"><strong><span style=\"color: #ff0000;\">2009\u00a0\u00a0 Schreieck Evelyn I. &amp; Schreieck Frank I.<\/span><\/strong><\/span><\/li>\n<\/ul>\n<blockquote>\n<p><span style=\"font-family: comic sans ms,sans-serif; font-size: 14pt;\"><img loading=\"lazy\" decoding=\"async\" class=\"alignright wp-image-245 size-large\" src=\"https:\/\/kvklingenmuenster.de\/wp-content\/uploads\/2017\/08\/Bild-1-1024x745.jpg\" alt=\"\" width=\"525\" height=\"382\" srcset=\"https:\/\/kvklingenmuenster.de\/wp-content\/uploads\/2017\/08\/Bild-1-1024x745.jpg 1024w, https:\/\/kvklingenmuenster.de\/wp-content\/uploads\/2017\/08\/Bild-1-300x218.jpg 300w, https:\/\/kvklingenmuenster.de\/wp-content\/uploads\/2017\/08\/Bild-1-768x559.jpg 768w\" sizes=\"auto, (max-width: 525px) 100vw, 525px\" \/><\/span><\/p>\n<p><span style=\"font-family: comic sans ms,sans-serif; font-size: 14pt;\"><em>&#8222;M\u00e4rchenhafte Fasenacht&#8220;<\/em><\/span><\/p>\n<\/blockquote>\n<p>&nbsp;<\/p>\n<ul>\n<li><span style=\"color: #ff0000; font-family: comic sans ms,sans-serif; font-size: 16pt;\"><strong>2010\u00a0\u00a0 Gundacker Bella I. &amp; Gundacker Andreas I.<\/strong><\/span><\/li>\n<\/ul>\n<blockquote>\n<p><span style=\"font-family: comic sans ms,sans-serif; font-size: 14pt;\"><img loading=\"lazy\" decoding=\"async\" class=\"alignleft wp-image-247 size-large\" src=\"https:\/\/kvklingenmuenster.de\/wp-content\/uploads\/2017\/08\/Bild-1-5-1024x683.jpg\" alt=\"\" width=\"525\" height=\"350\" srcset=\"https:\/\/kvklingenmuenster.de\/wp-content\/uploads\/2017\/08\/Bild-1-5-1024x683.jpg 1024w, https:\/\/kvklingenmuenster.de\/wp-content\/uploads\/2017\/08\/Bild-1-5-300x200.jpg 300w, https:\/\/kvklingenmuenster.de\/wp-content\/uploads\/2017\/08\/Bild-1-5-768x512.jpg 768w\" sizes=\"auto, (max-width: 525px) 100vw, 525px\" \/><\/span><\/p>\n<p><span style=\"font-family: comic sans ms,sans-serif; font-size: 14pt;\"><em>&#8222;Zeitreise auf n\u00e4rrische Weise&#8220;<\/em><\/span><\/p>\n<\/blockquote>\n<p>&nbsp;<\/p>\n<ul>\n<li><span style=\"font-family: comic sans ms,sans-serif; font-size: 16pt;\"><strong><span style=\"color: #ff0000;\">2011\u00a0\u00a0 Von Schwerin Sylvi I. &amp; Minor Uli II.<\/span><\/strong><\/span><\/li>\n<\/ul>\n<blockquote>\n<p><span style=\"font-family: comic sans ms,sans-serif; font-size: 14pt;\"><img loading=\"lazy\" decoding=\"async\" class=\"alignright wp-image-249 size-large\" src=\"https:\/\/kvklingenmuenster.de\/wp-content\/uploads\/2017\/08\/Sylvia-Uli-770x1024.jpg\" alt=\"\" width=\"525\" height=\"698\" srcset=\"https:\/\/kvklingenmuenster.de\/wp-content\/uploads\/2017\/08\/Sylvia-Uli-770x1024.jpg 770w, https:\/\/kvklingenmuenster.de\/wp-content\/uploads\/2017\/08\/Sylvia-Uli-225x300.jpg 225w, https:\/\/kvklingenmuenster.de\/wp-content\/uploads\/2017\/08\/Sylvia-Uli-768x1022.jpg 768w\" sizes=\"auto, (max-width: 525px) 100vw, 525px\" \/><\/span><\/p>\n<p><span style=\"font-family: comic sans ms,sans-serif; font-size: 14pt;\"><em>&#8222;Der Till der lacht an\u00a0Karnevall zum Umbau in der Klingbachhall&#8220;<\/em><\/span><\/p>\n<\/blockquote>\n<ul>\n<li><span style=\"color: #ff0000; font-family: comic sans ms,sans-serif; font-size: 16pt;\"><strong>2012\u00a0\u00a0 Jost Gabriela I. &amp; Jost Hans-Peter I.<\/strong><\/span><\/li>\n<\/ul>\n<blockquote>\n<p><span style=\"font-family: comic sans ms,sans-serif; font-size: 14pt;\"><img loading=\"lazy\" decoding=\"async\" class=\"alignleft wp-image-251 size-large\" src=\"https:\/\/kvklingenmuenster.de\/wp-content\/uploads\/2017\/08\/056-661x1024.jpg\" alt=\"\" width=\"525\" height=\"813\" srcset=\"https:\/\/kvklingenmuenster.de\/wp-content\/uploads\/2017\/08\/056-661x1024.jpg 661w, https:\/\/kvklingenmuenster.de\/wp-content\/uploads\/2017\/08\/056-194x300.jpg 194w, https:\/\/kvklingenmuenster.de\/wp-content\/uploads\/2017\/08\/056-768x1189.jpg 768w\" sizes=\"auto, (max-width: 525px) 100vw, 525px\" \/><\/span><\/p>\n<p><span style=\"font-family: comic sans ms,sans-serif; font-size: 14pt;\"><em>&#8222;Vom Nordseestrand zum Alpenrand, Minschder au\u00dfer Rand und Band&#8220;\u00a0<\/em><\/span><\/p>\n<\/blockquote>\n<p>&nbsp;<\/p>\n<ul>\n<li><span style=\"font-family: comic sans ms,sans-serif; font-size: 16pt;\"><strong><span style=\"color: #ff0000;\">2013\u00a0\u00a0 Pfeffer Melissa I. &amp; Pfeffer Alexander I.<\/span><\/strong><\/span><\/li>\n<\/ul>\n<blockquote>\n<p><span style=\"font-family: comic sans ms,sans-serif; font-size: 14pt;\"><img loading=\"lazy\" decoding=\"async\" class=\"alignright wp-image-253 size-large\" src=\"https:\/\/kvklingenmuenster.de\/wp-content\/uploads\/2017\/08\/pp-1024x683.jpg\" alt=\"\" width=\"525\" height=\"350\" srcset=\"https:\/\/kvklingenmuenster.de\/wp-content\/uploads\/2017\/08\/pp-1024x683.jpg 1024w, https:\/\/kvklingenmuenster.de\/wp-content\/uploads\/2017\/08\/pp-300x200.jpg 300w, https:\/\/kvklingenmuenster.de\/wp-content\/uploads\/2017\/08\/pp-768x512.jpg 768w\" sizes=\"auto, (max-width: 525px) 100vw, 525px\" \/><\/span><\/p>\n<p><span style=\"font-family: comic sans ms,sans-serif; font-size: 14pt;\"><em>&#8222;Manege frei f\u00fcr die Minschdrer Narretei&#8220;<\/em><\/span><\/p>\n<\/blockquote>\n<ul>\n<li><span style=\"font-family: comic sans ms,sans-serif; font-size: 16pt;\"><strong><span style=\"color: #ff0000;\">2014\u00a0\u00a0\u00a0Sch\u00f6ffel Carolin I. &amp; Sch\u00f6ffel Markus I.<\/span><\/strong><\/span><\/li>\n<\/ul>\n<blockquote>\n<p><span style=\"font-family: comic sans ms,sans-serif; font-size: 14pt;\"><img loading=\"lazy\" decoding=\"async\" class=\"alignleft wp-image-255 size-large\" src=\"https:\/\/kvklingenmuenster.de\/wp-content\/uploads\/2017\/08\/Foto-2-1024x683.jpg\" alt=\"\" width=\"525\" height=\"350\" srcset=\"https:\/\/kvklingenmuenster.de\/wp-content\/uploads\/2017\/08\/Foto-2-1024x683.jpg 1024w, https:\/\/kvklingenmuenster.de\/wp-content\/uploads\/2017\/08\/Foto-2-300x200.jpg 300w, https:\/\/kvklingenmuenster.de\/wp-content\/uploads\/2017\/08\/Foto-2-768x512.jpg 768w\" sizes=\"auto, (max-width: 525px) 100vw, 525px\" \/><\/span><\/p>\n<p><span style=\"font-family: comic sans ms,sans-serif; font-size: 14pt;\"><em>&#8222;Mit dem KVK\u00a0hinein ins 2&#215;11 Jahr (<strong>We\u00a0love KVK<\/strong>)&#8220;<\/em><\/span><\/p>\n<\/blockquote>\n<p>&nbsp;<\/p>\n<ul>\n<li><span style=\"color: #ff0000; font-family: comic sans ms,sans-serif; font-size: 16pt;\"><strong>2015\u00a0\u00a0 K\u00fcnkel Vivian I. &amp; Hummel\u00a0Sven I.<\/strong><\/span><\/li>\n<\/ul>\n<blockquote>\n<p><span style=\"font-family: comic sans ms,sans-serif; font-size: 14pt;\"><img loading=\"lazy\" decoding=\"async\" class=\"alignright wp-image-257 size-large\" src=\"https:\/\/kvklingenmuenster.de\/wp-content\/uploads\/2017\/08\/VivianSven-2014-1024x762.jpg\" alt=\"\" width=\"525\" height=\"391\" srcset=\"https:\/\/kvklingenmuenster.de\/wp-content\/uploads\/2017\/08\/VivianSven-2014-1024x762.jpg 1024w, https:\/\/kvklingenmuenster.de\/wp-content\/uploads\/2017\/08\/VivianSven-2014-300x223.jpg 300w, https:\/\/kvklingenmuenster.de\/wp-content\/uploads\/2017\/08\/VivianSven-2014-768x571.jpg 768w\" sizes=\"auto, (max-width: 525px) 100vw, 525px\" \/><\/span><\/p>\n<p><span style=\"font-family: comic sans ms,sans-serif; font-size: 14pt;\"><em>&#8222;Die Narrenjury wei\u00df genau, die Fasnacht hat Zukunft, in Minschder HELAU&#8220;<\/em><\/span><\/p>\n<\/blockquote>\n<p>&nbsp;<\/p>\n<ul>\n<li><span style=\"font-family: comic sans ms,sans-serif; font-size: 16pt;\"><strong><span style=\"color: #ff0000;\">2016\u00a0\u00a0 Werle Jutta I. &amp; Werle Herbert I.<\/span><\/strong><\/span><\/li>\n<\/ul>\n<blockquote>\n<p><span style=\"font-family: comic sans ms,sans-serif; font-size: 14pt;\"><img loading=\"lazy\" decoding=\"async\" class=\"alignleft wp-image-259 size-large\" src=\"https:\/\/kvklingenmuenster.de\/wp-content\/uploads\/2017\/08\/2016-JuttaHerbert-1-683x1024.jpg\" alt=\"\" width=\"525\" height=\"787\" srcset=\"https:\/\/kvklingenmuenster.de\/wp-content\/uploads\/2017\/08\/2016-JuttaHerbert-1-683x1024.jpg 683w, https:\/\/kvklingenmuenster.de\/wp-content\/uploads\/2017\/08\/2016-JuttaHerbert-1-200x300.jpg 200w, https:\/\/kvklingenmuenster.de\/wp-content\/uploads\/2017\/08\/2016-JuttaHerbert-1-768x1152.jpg 768w\" sizes=\"auto, (max-width: 525px) 100vw, 525px\" \/><\/span><\/p>\n<p><span style=\"font-family: comic sans ms,sans-serif; font-size: 14pt;\"><em>&#8222;Mit dem Narrenschiff zu den Faschingsinseln&#8220;<\/em><\/span><\/p>\n<\/blockquote>\n<p>&nbsp;<\/p>\n<ul>\n<li><span style=\"font-family: comic sans ms,sans-serif; font-size: 16pt;\"><strong><span style=\"color: #ff0000;\">2017 Eggert Jenny I. &amp; Eggert Jan I.<\/span><\/strong><\/span><\/li>\n<\/ul>\n<p><span style=\"font-family: comic sans ms,sans-serif; font-size: 20pt;\"><strong><span style=\"color: #ff0000;\">\u00a0<\/span><\/strong><\/span><\/p>\n<blockquote>\n<p><span style=\"font-family: comic sans ms,sans-serif; font-size: 14pt;\"><strong><em><img loading=\"lazy\" decoding=\"async\" class=\"alignright wp-image-261 size-large\" src=\"https:\/\/kvklingenmuenster.de\/wp-content\/uploads\/2017\/08\/Foto-1-2-1024x835.jpg\" alt=\"\" width=\"525\" height=\"428\" srcset=\"https:\/\/kvklingenmuenster.de\/wp-content\/uploads\/2017\/08\/Foto-1-2-1024x835.jpg 1024w, https:\/\/kvklingenmuenster.de\/wp-content\/uploads\/2017\/08\/Foto-1-2-300x245.jpg 300w, https:\/\/kvklingenmuenster.de\/wp-content\/uploads\/2017\/08\/Foto-1-2-768x626.jpg 768w\" sizes=\"auto, (max-width: 525px) 100vw, 525px\" \/><\/em><\/strong><\/span><\/p>\n<p><span style=\"font-family: comic sans ms,sans-serif; font-size: 14pt;\"><em>&#8222;Fasenacht is very Good vunn Minschder bis nach Hollywood&#8220;\u00a0\u00a0<\/em><\/span><\/p>\n<ul>\n<li><span style=\"color: #ff0000;\"><strong><span style=\"font-family: comic sans ms,sans-serif;\">\u00a0<\/span><\/strong><\/span><\/li>\n<li><strong><span style=\"font-family: comic sans ms, sans-serif; color: #ff0000; font-size: 16pt;\">2018 B\u00fcchler Sandra I &amp; B\u00fcchler J\u00fcrgen I<\/span><br \/><\/strong><\/li>\n<\/ul>\n<p><img loading=\"lazy\" decoding=\"async\" class=\"alignnone size-large wp-image-470\" src=\"https:\/\/kvklingenmuenster.de\/wp-content\/uploads\/2018\/02\/P1070494-683x1024.jpg\" alt=\"\" width=\"525\" height=\"787\" srcset=\"https:\/\/kvklingenmuenster.de\/wp-content\/uploads\/2018\/02\/P1070494-683x1024.jpg 683w, https:\/\/kvklingenmuenster.de\/wp-content\/uploads\/2018\/02\/P1070494-267x400.jpg 267w, https:\/\/kvklingenmuenster.de\/wp-content\/uploads\/2018\/02\/P1070494-768x1152.jpg 768w, https:\/\/kvklingenmuenster.de\/wp-content\/uploads\/2018\/02\/P1070494.jpg 1824w\" sizes=\"auto, (max-width: 525px) 100vw, 525px\" \/><\/p>\n<p><span style=\"font-family: comic sans ms,sans-serif;\">&#8222;KVK &#8211; grenzenlos N\u00e4rrisch&#8220;<\/span><\/p>\n<p><strong><span style=\"font-family: comic sans ms, sans-serif; font-size: 18pt; color: #ff0000;\">2019 Elke IV &amp; Ulrich III<\/span><\/strong><\/p>\n<\/blockquote>\n<p><img loading=\"lazy\" decoding=\"async\" class=\"alignnone size-large wp-image-520\" src=\"https:\/\/kvklingenmuenster.de\/wp-content\/uploads\/2020\/01\/Prinzenpaar_klein-754x1024.jpg\" alt=\"\" width=\"525\" height=\"713\" srcset=\"https:\/\/kvklingenmuenster.de\/wp-content\/uploads\/2020\/01\/Prinzenpaar_klein-754x1024.jpg 754w, https:\/\/kvklingenmuenster.de\/wp-content\/uploads\/2020\/01\/Prinzenpaar_klein-295x400.jpg 295w, https:\/\/kvklingenmuenster.de\/wp-content\/uploads\/2020\/01\/Prinzenpaar_klein.jpg 768w\" sizes=\"auto, (max-width: 525px) 100vw, 525px\" \/><\/p>\n<p><span style=\"font-family: comic sans ms, sans-serif; font-size: 14pt;\">&#8222;Der KVK bleibt sportlich Fit, durch Tanz, Gesang un in de B\u00fctt&#8220;<\/span><\/p>\n<p><strong><span style=\"font-family: comic sans ms, sans-serif; font-size: 18pt; color: #ff0000;\">2020-2022 Ina I &amp; Martin II<\/span><\/strong><\/p>\n<p><img loading=\"lazy\" decoding=\"async\" class=\"alignnone size-large wp-image-517\" src=\"https:\/\/kvklingenmuenster.de\/wp-content\/uploads\/2020\/01\/prinzenpaar-799x1024.png\" alt=\"\" width=\"525\" height=\"673\" srcset=\"https:\/\/kvklingenmuenster.de\/wp-content\/uploads\/2020\/01\/prinzenpaar-799x1024.png 799w, https:\/\/kvklingenmuenster.de\/wp-content\/uploads\/2020\/01\/prinzenpaar-312x400.png 312w, https:\/\/kvklingenmuenster.de\/wp-content\/uploads\/2020\/01\/prinzenpaar-768x984.png 768w, https:\/\/kvklingenmuenster.de\/wp-content\/uploads\/2020\/01\/prinzenpaar.png 1222w\" sizes=\"auto, (max-width: 525px) 100vw, 525px\" \/><\/p>\n<p><span style=\"font-size: 14pt; font-family: comic sans ms, sans-serif;\">&#8222;H\u00e4ppy Tw\u00e4nty&#8220;<\/span><\/p>\n<p>&nbsp;<\/p>\n<p><span style=\"font-size: 18pt; color: #ff0000;\"><em><strong>Das amtierende Prinzenpaar 2022\/23<\/strong><\/em><\/span><\/p>\n<p><strong><span style=\"font-family: comic sans ms, sans-serif; font-size: 18pt; color: #ff0000;\">Sarah I &amp; Max I<\/span><\/strong><\/p>\n<p><img loading=\"lazy\" decoding=\"async\" class=\"alignnone size-large wp-image-551\" src=\"https:\/\/kvklingenmuenster.de\/wp-content\/uploads\/2022\/12\/Prinzenpaar-683x1024.png\" alt=\"\" width=\"525\" height=\"787\" srcset=\"https:\/\/kvklingenmuenster.de\/wp-content\/uploads\/2022\/12\/Prinzenpaar-683x1024.png 683w, https:\/\/kvklingenmuenster.de\/wp-content\/uploads\/2022\/12\/Prinzenpaar-267x400.png 267w, https:\/\/kvklingenmuenster.de\/wp-content\/uploads\/2022\/12\/Prinzenpaar-768x1152.png 768w\" sizes=\"auto, (max-width: 525px) 100vw, 525px\" \/><\/p>\n<p><span style=\"font-size: 14pt; font-family: comic sans ms, sans-serif;\">&#8222;Fr\u00f6hlich, bunt und sorgenfrei &#8211; so soll unsre Fasnacht sei&#8220;<\/span><\/p>\n<p>&nbsp;<\/p>\n<p>&nbsp;<\/p>\n<p><span style=\"font-size: 18pt; color: #ff0000;\"><em><strong>Das amtierende Prinzenpaar 2023\/24<\/strong><\/em><\/span><\/p>\n<p><strong><span style=\"font-family: comic sans ms, sans-serif; font-size: 18pt; color: #ff0000;\">Anne I. &amp; Andreas II.<\/span><\/strong><\/p>\n<p><span style=\"font-size: 14pt; font-family: comic sans ms, sans-serif;\">\u00a0<\/span><\/p>\n<p><img loading=\"lazy\" decoding=\"async\" class=\"alignnone size-medium wp-image-631\" src=\"https:\/\/kvklingenmuenster.de\/wp-content\/uploads\/2023\/11\/DSC03899-267x400.jpg\" alt=\"\" width=\"267\" height=\"400\" srcset=\"https:\/\/kvklingenmuenster.de\/wp-content\/uploads\/2023\/11\/DSC03899-267x400.jpg 267w, https:\/\/kvklingenmuenster.de\/wp-content\/uploads\/2023\/11\/DSC03899-683x1024.jpg 683w, https:\/\/kvklingenmuenster.de\/wp-content\/uploads\/2023\/11\/DSC03899-768x1152.jpg 768w, https:\/\/kvklingenmuenster.de\/wp-content\/uploads\/2023\/11\/DSC03899-1024x1536.jpg 1024w, https:\/\/kvklingenmuenster.de\/wp-content\/uploads\/2023\/11\/DSC03899.jpg 1365w\" sizes=\"auto, (max-width: 267px) 100vw, 267px\" \/><\/p>\n<p><strong>&#8222;Deh\u00e4m isch deh\u00e4m&#8220;<\/strong><\/p>\n<p>&nbsp;<\/p>\n<p><span style=\"font-size: 18pt; color: #ff0000;\"><em><strong>Das amtierende Prinzenpaar 2024\/25<\/strong><\/em><\/span><\/p>\n<p><strong><span style=\"color: #ff0000; font-family: comic sans ms, sans-serif; font-size: x-large;\"><span style=\"caret-color: #ff0000;\">Franzi<\/span> I. &amp; Max II.<\/span><\/strong><\/p>\n<p><img loading=\"lazy\" decoding=\"async\" class=\"alignnone size-medium wp-image-692\" src=\"https:\/\/kvklingenmuenster.de\/wp-content\/uploads\/2024\/11\/DSC00581-267x400.jpg\" alt=\"\" width=\"267\" height=\"400\" srcset=\"https:\/\/kvklingenmuenster.de\/wp-content\/uploads\/2024\/11\/DSC00581-267x400.jpg 267w, https:\/\/kvklingenmuenster.de\/wp-content\/uploads\/2024\/11\/DSC00581-683x1024.jpg 683w, https:\/\/kvklingenmuenster.de\/wp-content\/uploads\/2024\/11\/DSC00581.jpg 1365w\" sizes=\"auto, (max-width: 267px) 100vw, 267px\" \/><\/p>\n<p><strong>&#8222;33 Jahre Narretei, seit de 90er sin mir dabei&#8220;<br \/><br \/><br \/><\/strong><\/p>\n<p><span style=\"font-family: 'comic sans ms', sans-serif; color: #ff0000; font-size: 18pt;\"><em><strong>Das amtierende Prinzenpaar 2024\/25<\/strong><\/em><\/span><\/p>\n<p><span style=\"font-family: 'comic sans ms', sans-serif; color: #ff0000; font-size: 18pt;\"><strong>Bernadette I. &amp; Kathrin I.<br \/><br \/><img loading=\"lazy\" decoding=\"async\" class=\"alignnone size-medium wp-image-770\" src=\"https:\/\/kvklingenmuenster.de\/wp-content\/uploads\/2025\/11\/581624314_1162323536027392_3185386655651258986_n-4-320x400.jpg\" alt=\"\" width=\"320\" height=\"400\" srcset=\"https:\/\/kvklingenmuenster.de\/wp-content\/uploads\/2025\/11\/581624314_1162323536027392_3185386655651258986_n-4-320x400.jpg 320w, https:\/\/kvklingenmuenster.de\/wp-content\/uploads\/2025\/11\/581624314_1162323536027392_3185386655651258986_n-4-819x1024.jpg 819w, https:\/\/kvklingenmuenster.de\/wp-content\/uploads\/2025\/11\/581624314_1162323536027392_3185386655651258986_n-4.jpg 1080w\" sizes=\"auto, (max-width: 320px) 100vw, 320px\" \/><br \/><\/strong><\/span><\/p>\n<p><strong>\u00a0<\/strong><\/p>\n\n\n<p><\/p>\n","protected":false},"excerpt":{"rendered":"<p>Prinzenpaare und Mottos aller Kampagnen des KVK 1992\u00a0 Bilstein Elke II. &amp; Hoffmann Lothar I. &#8222;Humor ist, wenn man trotzdem lacht in Minscher machmer Fasenacht&#8220; 1993\u00a0 Pautler-Keule Manuela I. &amp; Keule Ernst I. &#8222;So gro\u00df und bunt wie\u00b4s Zirkuszelt ist die Minschdrer Narrenwelt&#8220; 1994\u00a0\u00a0 Gast Birgit I. &amp; Gast Josef I. &#8222;Wir heben ab&#8220; &nbsp; &hellip; <\/p>\n<p class=\"link-more\"><a href=\"https:\/\/kvklingenmuenster.de\/?page_id=41\" class=\"more-link\">Mehr <span class=\"screen-reader-text\">\u00fcber &#8222;Prinzenpaare&#8220; <\/span>Lesen<\/a><\/p>\n","protected":false},"author":2,"featured_media":0,"parent":0,"menu_order":0,"comment_status":"closed","ping_status":"closed","template":"","meta":{"footnotes":""},"class_list":["post-41","page","type-page","status-publish","hentry"],"_links":{"self":[{"href":"https:\/\/kvklingenmuenster.de\/index.php?rest_route=\/wp\/v2\/pages\/41","targetHints":{"allow":["GET"]}}],"collection":[{"href":"https:\/\/kvklingenmuenster.de\/index.php?rest_route=\/wp\/v2\/pages"}],"about":[{"href":"https:\/\/kvklingenmuenster.de\/index.php?rest_route=\/wp\/v2\/types\/page"}],"author":[{"embeddable":true,"href":"https:\/\/kvklingenmuenster.de\/index.php?rest_route=\/wp\/v2\/users\/2"}],"replies":[{"embeddable":true,"href":"https:\/\/kvklingenmuenster.de\/index.php?rest_route=%2Fwp%2Fv2%2Fcomments&post=41"}],"version-history":[{"count":30,"href":"https:\/\/kvklingenmuenster.de\/index.php?rest_route=\/wp\/v2\/pages\/41\/revisions"}],"predecessor-version":[{"id":775,"href":"https:\/\/kvklingenmuenster.de\/index.php?rest_route=\/wp\/v2\/pages\/41\/revisions\/775"}],"wp:attachment":[{"href":"https:\/\/kvklingenmuenster.de\/index.php?rest_route=%2Fwp%2Fv2%2Fmedia&parent=41"}],"curies":[{"name":"wp","href":"https:\/\/api.w.org\/{rel}","templated":true}]}}